{"id":1121,"date":"2021-03-08T13:07:33","date_gmt":"2021-03-08T12:07:33","guid":{"rendered":"https:\/\/www.comite-costea.fr\/?post_type=production&#038;p=1121"},"modified":"2021-03-08T13:07:33","modified_gmt":"2021-03-08T12:07:33","slug":"participation-des-agriculteurs-a-la-conception-dun-projet-de-reconversion-a-lirrigation-localisee-dans-le-perimetre-du-tadla-2","status":"publish","type":"production","link":"https:\/\/www.comite-costea.fr\/en\/production\/participation-des-agriculteurs-a-la-conception-dun-projet-de-reconversion-a-lirrigation-localisee-dans-le-perimetre-du-tadla-2\/","title":{"rendered":"Participation des agriculteurs \u00e0 la conception d\u2019un projet de reconversion \u00e0 l\u2019irrigation localis\u00e9e dans le p\u00e9rim\u00e8tre du Tadla"},"content":{"rendered":"<p>Les p\u00e9rim\u00e8tres de grande hydraulique au Maroc utilisent pour l\u2019essentiel l\u2019irrigation gravitaire ou l\u2019aspersion. Dans ces p\u00e9rim\u00e8tres, plusieurs projets pilotes de reconversion collective \u00e0 l\u2019irrigation localis\u00e9e sont en cours. Nous avons men\u00e9 une \u00e9tude sur la participation des agriculteurs \u00e0 la conception d\u2019un projet pilote dans le p\u00e9rim\u00e8tre du Tadla.<br \/>\nLe projet ne pr\u00e9voyait pas initialement de g\u00e9rer l\u2019am\u00e9nagement de l\u2019irrigation localis\u00e9e au niveau des parcelles, mais cet aspect a \u00e9t\u00e9 inclus par la suite. Les associations d\u2019usagers de l\u2019eau ont \u00e9t\u00e9 redynamis\u00e9es, avec notamment la nomination de chefs de bloc, qui doivent jouer le r\u00f4le d\u2019interm\u00e9diaires entre les agriculteurs et le conseil d\u2019administration. De nombreuses r\u00e9unions d\u2019information et de coordination ont \u00e9t\u00e9 organis\u00e9es. Ces diff\u00e9rentes initiatives ont permis une bonne qualit\u00e9 de dialogue entre une minorit\u00e9 d\u2019agriculteurs et les acteurs de d\u00e9veloppement en charge du projet.<\/p>\n<p>Cependant, une majorit\u00e9 d\u2019agriculteurs n\u2019ont pas ou peu particip\u00e9 aux r\u00e9unions et aux visites de formation sur l\u2019irrigation localis\u00e9e, et ce, pour trois principales raisons&nbsp;:<\/p>\n<ol>\n<li>une majorit\u00e9 des exploitations enqu\u00eat\u00e9es sont g\u00e9r\u00e9es par plusieurs h\u00e9ritiers qui exploitent de fa\u00e7on ind\u00e9pendante des lots s\u00e9par\u00e9s, mais utilisent la m\u00eame borne et ainsi sont peu visibles pour l\u2019administration&nbsp;;<\/li>\n<li>l\u2019absence de d\u00e9finition initiale d\u2019une m\u00e9thode explicite pour s\u2019assurer d\u2019une large participation&nbsp;;<\/li>\n<li>le r\u00f4le limit\u00e9 qu\u2019a jou\u00e9 les associations d\u2019irrigants dans la circulation de l\u2019information. Malgr\u00e9 ces limites, l\u2019exp\u00e9rience a aussi \u00e9t\u00e9 un lieu important d\u2019apprentissage pour l\u2019ensemble des acteurs, avec une am\u00e9lioration progressive des conditions et r\u00e9sultats de la participation des agriculteurs.<\/li>\n<\/ol>","protected":false},"featured_media":0,"template":"","tags":[],"localisation":[13],"type_document":[],"type_production":[29],"type_contenu":[34],"position":[],"acf":[],"_links":{"self":[{"href":"https:\/\/www.comite-costea.fr\/en\/wp-json\/wp\/v2\/production\/1121"}],"collection":[{"href":"https:\/\/www.comite-costea.fr\/en\/wp-json\/wp\/v2\/production"}],"about":[{"href":"https:\/\/www.comite-costea.fr\/en\/wp-json\/wp\/v2\/types\/production"}],"wp:attachment":[{"href":"https:\/\/www.comite-costea.fr\/en\/wp-json\/wp\/v2\/media?parent=1121"}],"wp:term":[{"taxonomy":"post_tag","embeddable":true,"href":"https:\/\/www.comite-costea.fr\/en\/wp-json\/wp\/v2\/tags?post=1121"},{"taxonomy":"localisation","embeddable":true,"href":"https:\/\/www.comite-costea.fr\/en\/wp-json\/wp\/v2\/localisation?post=1121"},{"taxonomy":"type_document","embeddable":true,"href":"https:\/\/www.comite-costea.fr\/en\/wp-json\/wp\/v2\/type_document?post=1121"},{"taxonomy":"type_production","embeddable":true,"href":"https:\/\/www.comite-costea.fr\/en\/wp-json\/wp\/v2\/type_production?post=1121"},{"taxonomy":"type_contenu","embeddable":true,"href":"https:\/\/www.comite-costea.fr\/en\/wp-json\/wp\/v2\/type_contenu?post=1121"},{"taxonomy":"position","embeddable":true,"href":"https:\/\/www.comite-costea.fr\/en\/wp-json\/wp\/v2\/position?post=1121"}],"curies":[{"name":"wp","href":"https:\/\/api.w.org\/{rel}","templated":true}]}}