{"id":1197,"date":"2021-03-09T11:24:58","date_gmt":"2021-03-09T10:24:58","guid":{"rendered":"https:\/\/www.comite-costea.fr\/?post_type=production&#038;p=1197"},"modified":"2021-03-09T11:27:06","modified_gmt":"2021-03-09T10:27:06","slug":"reutilisation-des-eaux-usees-pour-lirrigation-agricole-en-zone-peri-urbaine-de-pays-en-developpement-pratiques-defis-et-solutions-operationnelles","status":"publish","type":"production","link":"https:\/\/www.comite-costea.fr\/en\/production\/reutilisation-des-eaux-usees-pour-lirrigation-agricole-en-zone-peri-urbaine-de-pays-en-developpement-pratiques-defis-et-solutions-operationnelles\/","title":{"rendered":"Wastewater reuse for agricultural irrigation in peri-urban areas of developing countries: practices, challenges and operational solutions (in French)"},"content":{"rendered":"<p>La r\u00e9utilisation des eaux us\u00e9es est aujourd\u2019hui un levier sous-exploit\u00e9 face aux enjeux de d\u00e9ficit en eau et de d\u00e9gradation des milieux et des conditions sanitaires. La mise en place de projets de r\u00e9utilisation des eaux us\u00e9es durables et s\u00e9curis\u00e9s requiert que les acteurs, qu\u2019ils soient gestionnaires ou financeurs, disposent des \u00e9l\u00e9ments cl\u00e9s pour anticiper les risques et proposer des solutions adapt\u00e9es aux usages et aux territoires.<\/p>\n<p>L\u2019agriculture est un secteur qui depuis longtemps valorise les eaux us\u00e9es brutes, en dehors de toute planification. Aujourd\u2019hui, au Nord comme au Sud, la r\u00e9utilisation des eaux us\u00e9es pour l\u2019agriculture int\u00e9ressent les politiques et d\u00e9cideurs locaux. Des projets de traitement des eaux incluant un volet r\u00e9utilisation agricole \u00e9mergent et le besoin de faire \u00e9voluer les cadres l\u00e9gaux, r\u00e9glementaires et institutionnels se font ressentir en m\u00eame temps que la n\u00e9cessit\u00e9 d\u2019accompagner et renforcer les capacit\u00e9s de l\u2019ensemble des acteurs.Sur la base de retours d\u2019exp\u00e9riences d\u00e9taill\u00e9s, d\u2019une mise \u00e0 jour des connaissances r\u00e9centes et d\u2019analyses des pratiques, des freins et des solutions op\u00e9rationnelles, ce rapport guide et oriente les lecteurs-acteurs dans leur projet. Il propose des recommandations et des perspectives pour de futurs et n\u00e9cessaires d\u00e9veloppements de connaissances, de m\u00e9thodologies ou de technologies.<\/p>\n<p>Centr\u00e9 sur les usages agricoles en zones p\u00e9ri-urbaines de pays en d\u00e9veloppement, ce rapport aborde ainsi les enjeux (i) de s\u00e9curisation des fili\u00e8res de r\u00e9utilisation d\u2019eaux brutes&nbsp;; (ii) de choix de fili\u00e8res de traitement adapt\u00e9es&nbsp;; (iii) d\u2019impacts sur les ressources&nbsp;; (iv) des processus politiques, institutionnels et r\u00e9glementaires&nbsp;; et (v)d\u2019\u00e9valuations \u00e9conomiques et environnementales par des outils d\u2019aide \u00e0 la d\u00e9cision.<\/p>","protected":false},"featured_media":0,"template":"","tags":[],"localisation":[70],"type_document":[],"type_production":[28],"type_contenu":[34],"position":[],"acf":[],"_links":{"self":[{"href":"https:\/\/www.comite-costea.fr\/en\/wp-json\/wp\/v2\/production\/1197"}],"collection":[{"href":"https:\/\/www.comite-costea.fr\/en\/wp-json\/wp\/v2\/production"}],"about":[{"href":"https:\/\/www.comite-costea.fr\/en\/wp-json\/wp\/v2\/types\/production"}],"wp:attachment":[{"href":"https:\/\/www.comite-costea.fr\/en\/wp-json\/wp\/v2\/media?parent=1197"}],"wp:term":[{"taxonomy":"post_tag","embeddable":true,"href":"https:\/\/www.comite-costea.fr\/en\/wp-json\/wp\/v2\/tags?post=1197"},{"taxonomy":"localisation","embeddable":true,"href":"https:\/\/www.comite-costea.fr\/en\/wp-json\/wp\/v2\/localisation?post=1197"},{"taxonomy":"type_document","embeddable":true,"href":"https:\/\/www.comite-costea.fr\/en\/wp-json\/wp\/v2\/type_document?post=1197"},{"taxonomy":"type_production","embeddable":true,"href":"https:\/\/www.comite-costea.fr\/en\/wp-json\/wp\/v2\/type_production?post=1197"},{"taxonomy":"type_contenu","embeddable":true,"href":"https:\/\/www.comite-costea.fr\/en\/wp-json\/wp\/v2\/type_contenu?post=1197"},{"taxonomy":"position","embeddable":true,"href":"https:\/\/www.comite-costea.fr\/en\/wp-json\/wp\/v2\/position?post=1197"}],"curies":[{"name":"wp","href":"https:\/\/api.w.org\/{rel}","templated":true}]}}